{"id":35,"date":"2019-01-12T23:24:06","date_gmt":"2019-01-12T22:24:06","guid":{"rendered":"https:\/\/chasseurs5emeleger.fr\/?page_id=35"},"modified":"2020-07-02T18:56:46","modified_gmt":"2020-07-02T16:56:46","slug":"accueil","status":"publish","type":"page","link":"https:\/\/chasseurs5emeleger.fr\/","title":{"rendered":"Accueil"},"content":{"rendered":"\n<div class=\"wp-block-image\"><figure class=\"aligncenter size-large is-resized\"><img loading=\"lazy\" decoding=\"async\" src=\"https:\/\/chasseurs5emeleger.fr\/wp-content\/uploads\/2020\/07\/DSCN2520-1024x768.jpg\" alt=\"\" class=\"wp-image-2210\" width=\"554\" height=\"415\" srcset=\"https:\/\/chasseurs5emeleger.fr\/wp-content\/uploads\/2020\/07\/DSCN2520-1024x768.jpg 1024w, https:\/\/chasseurs5emeleger.fr\/wp-content\/uploads\/2020\/07\/DSCN2520-300x225.jpg 300w, https:\/\/chasseurs5emeleger.fr\/wp-content\/uploads\/2020\/07\/DSCN2520-768x576.jpg 768w, https:\/\/chasseurs5emeleger.fr\/wp-content\/uploads\/2020\/07\/DSCN2520-1536x1152.jpg 1536w, https:\/\/chasseurs5emeleger.fr\/wp-content\/uploads\/2020\/07\/DSCN2520.jpg 1600w\" sizes=\"auto, (max-width: 554px) 100vw, 554px\" \/><\/figure><\/div>\n\n\n\n<p style=\"color:#000794\" class=\"has-text-color has-text-align-center has-huge-font-size\"><strong>Accueil<\/strong><\/p>\n\n\n<p style=\"text-align: center;\"><span style=\"color: #000794;\">Notre association, bas\u00e9e \u00e0 Fr\u00e9jus (83), existe depuis 2010 et fait revivre le 5\u00e8me R\u00e9giment d&#8217;Infanterie L\u00e9g\u00e8re.<\/span><\/p>\n<p style=\"text-align: center;\"><span style=\"color: #000794;\">Nous participons \u00e0 des reconstitutions historiques en France et en Europe, que ce soit pour des anniversaires de bataille, des comm\u00e9morations, des inaugurations ou tout simplement le plaisir de faire revivre cette belle page de notre histoire de France.<\/span><\/p>\n\n\n<div class=\"wp-block-image\"><figure class=\"aligncenter size-large is-resized\"><img loading=\"lazy\" decoding=\"async\" src=\"https:\/\/chasseurs5emeleger.fr\/wp-content\/uploads\/2020\/07\/DSCN2530-1024x768.jpg\" alt=\"\" class=\"wp-image-2211\" width=\"540\" height=\"405\" srcset=\"https:\/\/chasseurs5emeleger.fr\/wp-content\/uploads\/2020\/07\/DSCN2530-1024x768.jpg 1024w, https:\/\/chasseurs5emeleger.fr\/wp-content\/uploads\/2020\/07\/DSCN2530-300x225.jpg 300w, https:\/\/chasseurs5emeleger.fr\/wp-content\/uploads\/2020\/07\/DSCN2530-768x576.jpg 768w, https:\/\/chasseurs5emeleger.fr\/wp-content\/uploads\/2020\/07\/DSCN2530-1536x1152.jpg 1536w, https:\/\/chasseurs5emeleger.fr\/wp-content\/uploads\/2020\/07\/DSCN2530.jpg 1600w\" sizes=\"auto, (max-width: 540px) 100vw, 540px\" \/><\/figure><\/div>\n\n\n\n<p style=\"color:#000794\" class=\"has-text-color has-text-align-center has-small-font-size\">Statue de l&#8217;abb\u00e9 Emmanuel-Joseph Si\u00e9y\u00e8s<br>N\u00e9 \u00e0 Fr\u00e9jus le 3 Mai 1748<br>Mort \u00e0 Paris le 20 Juin 1836<\/p>\n","protected":false},"excerpt":{"rendered":"<p>Accueil Notre association, bas\u00e9e \u00e0 Fr\u00e9jus (83), existe depuis 2010 et fait revivre le 5\u00e8me R\u00e9giment d&#8217;Infanterie L\u00e9g\u00e8re. Nous participons \u00e0 des reconstitutions historiques en France et en Europe, que ce soit pour des anniversaires de bataille, des comm\u00e9morations, des inaugurations ou tout simplement le plaisir de faire revivre cette belle page de notre histoire &hellip; <a href=\"https:\/\/chasseurs5emeleger.fr\/\" class=\"more-link\">Continuer la lecture de <span class=\"screen-reader-text\">Accueil<\/span><\/a><\/p>\n","protected":false},"author":1,"featured_media":0,"parent":0,"menu_order":0,"comment_status":"closed","ping_status":"closed","template":"","meta":{"footnotes":""},"class_list":["post-35","page","type-page","status-publish","hentry"],"yoast_head":"<!-- This site is optimized with the Yoast SEO plugin v27.5 - https:\/\/yoast.com\/product\/yoast-seo-wordpress\/ -->\n<title>Accueil &#8211; Chasseurs du 5\u00e8me R\u00e9giment d&#039;Infanterie L\u00e9g\u00e8re<\/title>\n<meta name=\"robots\" content=\"index, follow, max-snippet:-1, max-image-preview:large, max-video-preview:-1\" \/>\n<link rel=\"canonical\" href=\"https:\/\/chasseurs5emeleger.fr\/\" \/>\n<meta property=\"og:locale\" content=\"fr_FR\" \/>\n<meta property=\"og:type\" content=\"article\" \/>\n<meta property=\"og:title\" content=\"Accueil &#8211; Chasseurs du 5\u00e8me R\u00e9giment d&#039;Infanterie L\u00e9g\u00e8re\" \/>\n<meta property=\"og:description\" content=\"Accueil Notre association, bas\u00e9e \u00e0 Fr\u00e9jus (83), existe depuis 2010 et fait revivre le 5\u00e8me R\u00e9giment d&#8217;Infanterie L\u00e9g\u00e8re. Nous participons \u00e0 des reconstitutions historiques en France et en Europe, que ce soit pour des anniversaires de bataille, des comm\u00e9morations, des inaugurations ou tout simplement le plaisir de faire revivre cette belle page de notre histoire &hellip; Continuer la lecture de Accueil\" \/>\n<meta property=\"og:url\" content=\"https:\/\/chasseurs5emeleger.fr\/\" \/>\n<meta property=\"og:site_name\" content=\"Chasseurs du 5\u00e8me R\u00e9giment d&#039;Infanterie L\u00e9g\u00e8re\" \/>\n<meta property=\"article:publisher\" content=\"https:\/\/www.facebook.com\/chasseurs.5emeleger\/\" \/>\n<meta property=\"article:modified_time\" content=\"2020-07-02T16:56:46+00:00\" \/>\n<meta property=\"og:image\" content=\"https:\/\/chasseurs5emeleger.fr\/wp-content\/uploads\/2020\/07\/DSCN2520-1024x768.jpg\" \/>\n<script type=\"application\/ld+json\" class=\"yoast-schema-graph\">{\"@context\":\"https:\\\/\\\/schema.org\",\"@graph\":[{\"@type\":\"WebPage\",\"@id\":\"https:\\\/\\\/chasseurs5emeleger.fr\\\/\",\"url\":\"https:\\\/\\\/chasseurs5emeleger.fr\\\/\",\"name\":\"Accueil &#8211; Chasseurs du 5\u00e8me R\u00e9giment d&#039;Infanterie L\u00e9g\u00e8re\",\"isPartOf\":{\"@id\":\"https:\\\/\\\/chasseurs5emeleger.fr\\\/#website\"},\"primaryImageOfPage\":{\"@id\":\"https:\\\/\\\/chasseurs5emeleger.fr\\\/#primaryimage\"},\"image\":{\"@id\":\"https:\\\/\\\/chasseurs5emeleger.fr\\\/#primaryimage\"},\"thumbnailUrl\":\"https:\\\/\\\/chasseurs5emeleger.fr\\\/wp-content\\\/uploads\\\/2020\\\/07\\\/DSCN2520-1024x768.jpg\",\"datePublished\":\"2019-01-12T22:24:06+00:00\",\"dateModified\":\"2020-07-02T16:56:46+00:00\",\"breadcrumb\":{\"@id\":\"https:\\\/\\\/chasseurs5emeleger.fr\\\/#breadcrumb\"},\"inLanguage\":\"fr-FR\",\"potentialAction\":[{\"@type\":\"ReadAction\",\"target\":[\"https:\\\/\\\/chasseurs5emeleger.fr\\\/\"]}]},{\"@type\":\"ImageObject\",\"inLanguage\":\"fr-FR\",\"@id\":\"https:\\\/\\\/chasseurs5emeleger.fr\\\/#primaryimage\",\"url\":\"https:\\\/\\\/chasseurs5emeleger.fr\\\/wp-content\\\/uploads\\\/2020\\\/07\\\/DSCN2520.jpg\",\"contentUrl\":\"https:\\\/\\\/chasseurs5emeleger.fr\\\/wp-content\\\/uploads\\\/2020\\\/07\\\/DSCN2520.jpg\",\"width\":1600,\"height\":1200},{\"@type\":\"BreadcrumbList\",\"@id\":\"https:\\\/\\\/chasseurs5emeleger.fr\\\/#breadcrumb\",\"itemListElement\":[{\"@type\":\"ListItem\",\"position\":1,\"name\":\"Accueil\",\"item\":\"https:\\\/\\\/chasseurs5emeleger.fr\\\/\"},{\"@type\":\"ListItem\",\"position\":2,\"name\":\"Accueil\"}]},{\"@type\":\"WebSite\",\"@id\":\"https:\\\/\\\/chasseurs5emeleger.fr\\\/#website\",\"url\":\"https:\\\/\\\/chasseurs5emeleger.fr\\\/\",\"name\":\"Chasseurs du 5\u00e8me R\u00e9giment d&#039;Infanterie L\u00e9g\u00e8re\",\"description\":\"\",\"publisher\":{\"@id\":\"https:\\\/\\\/chasseurs5emeleger.fr\\\/#organization\"},\"potentialAction\":[{\"@type\":\"SearchAction\",\"target\":{\"@type\":\"EntryPoint\",\"urlTemplate\":\"https:\\\/\\\/chasseurs5emeleger.fr\\\/?s={search_term_string}\"},\"query-input\":{\"@type\":\"PropertyValueSpecification\",\"valueRequired\":true,\"valueName\":\"search_term_string\"}}],\"inLanguage\":\"fr-FR\"},{\"@type\":\"Organization\",\"@id\":\"https:\\\/\\\/chasseurs5emeleger.fr\\\/#organization\",\"name\":\"Chasseurs du 5\u00e8me R\u00e9giment d'infanterie l\u00e9g\u00e8re\",\"url\":\"https:\\\/\\\/chasseurs5emeleger.fr\\\/\",\"logo\":{\"@type\":\"ImageObject\",\"inLanguage\":\"fr-FR\",\"@id\":\"https:\\\/\\\/chasseurs5emeleger.fr\\\/#\\\/schema\\\/logo\\\/image\\\/\",\"url\":\"https:\\\/\\\/chasseurs5emeleger.fr\\\/wp-content\\\/uploads\\\/2022\\\/04\\\/Logo-detoure-scaled.jpg\",\"contentUrl\":\"https:\\\/\\\/chasseurs5emeleger.fr\\\/wp-content\\\/uploads\\\/2022\\\/04\\\/Logo-detoure-scaled.jpg\",\"width\":2438,\"height\":2560,\"caption\":\"Chasseurs du 5\u00e8me R\u00e9giment d'infanterie l\u00e9g\u00e8re\"},\"image\":{\"@id\":\"https:\\\/\\\/chasseurs5emeleger.fr\\\/#\\\/schema\\\/logo\\\/image\\\/\"},\"sameAs\":[\"https:\\\/\\\/www.facebook.com\\\/chasseurs.5emeleger\\\/\"]}]}<\/script>\n<!-- \/ Yoast SEO plugin. -->","yoast_head_json":{"title":"Accueil &#8211; Chasseurs du 5\u00e8me R\u00e9giment d&#039;Infanterie L\u00e9g\u00e8re","robots":{"index":"index","follow":"follow","max-snippet":"max-snippet:-1","max-image-preview":"max-image-preview:large","max-video-preview":"max-video-preview:-1"},"canonical":"https:\/\/chasseurs5emeleger.fr\/","og_locale":"fr_FR","og_type":"article","og_title":"Accueil &#8211; Chasseurs du 5\u00e8me R\u00e9giment d&#039;Infanterie L\u00e9g\u00e8re","og_description":"Accueil Notre association, bas\u00e9e \u00e0 Fr\u00e9jus (83), existe depuis 2010 et fait revivre le 5\u00e8me R\u00e9giment d&#8217;Infanterie L\u00e9g\u00e8re. Nous participons \u00e0 des reconstitutions historiques en France et en Europe, que ce soit pour des anniversaires de bataille, des comm\u00e9morations, des inaugurations ou tout simplement le plaisir de faire revivre cette belle page de notre histoire &hellip; Continuer la lecture de Accueil","og_url":"https:\/\/chasseurs5emeleger.fr\/","og_site_name":"Chasseurs du 5\u00e8me R\u00e9giment d&#039;Infanterie L\u00e9g\u00e8re","article_publisher":"https:\/\/www.facebook.com\/chasseurs.5emeleger\/","article_modified_time":"2020-07-02T16:56:46+00:00","og_image":[{"url":"https:\/\/chasseurs5emeleger.fr\/wp-content\/uploads\/2020\/07\/DSCN2520-1024x768.jpg","type":"","width":"","height":""}],"schema":{"@context":"https:\/\/schema.org","@graph":[{"@type":"WebPage","@id":"https:\/\/chasseurs5emeleger.fr\/","url":"https:\/\/chasseurs5emeleger.fr\/","name":"Accueil &#8211; Chasseurs du 5\u00e8me R\u00e9giment d&#039;Infanterie L\u00e9g\u00e8re","isPartOf":{"@id":"https:\/\/chasseurs5emeleger.fr\/#website"},"primaryImageOfPage":{"@id":"https:\/\/chasseurs5emeleger.fr\/#primaryimage"},"image":{"@id":"https:\/\/chasseurs5emeleger.fr\/#primaryimage"},"thumbnailUrl":"https:\/\/chasseurs5emeleger.fr\/wp-content\/uploads\/2020\/07\/DSCN2520-1024x768.jpg","datePublished":"2019-01-12T22:24:06+00:00","dateModified":"2020-07-02T16:56:46+00:00","breadcrumb":{"@id":"https:\/\/chasseurs5emeleger.fr\/#breadcrumb"},"inLanguage":"fr-FR","potentialAction":[{"@type":"ReadAction","target":["https:\/\/chasseurs5emeleger.fr\/"]}]},{"@type":"ImageObject","inLanguage":"fr-FR","@id":"https:\/\/chasseurs5emeleger.fr\/#primaryimage","url":"https:\/\/chasseurs5emeleger.fr\/wp-content\/uploads\/2020\/07\/DSCN2520.jpg","contentUrl":"https:\/\/chasseurs5emeleger.fr\/wp-content\/uploads\/2020\/07\/DSCN2520.jpg","width":1600,"height":1200},{"@type":"BreadcrumbList","@id":"https:\/\/chasseurs5emeleger.fr\/#breadcrumb","itemListElement":[{"@type":"ListItem","position":1,"name":"Accueil","item":"https:\/\/chasseurs5emeleger.fr\/"},{"@type":"ListItem","position":2,"name":"Accueil"}]},{"@type":"WebSite","@id":"https:\/\/chasseurs5emeleger.fr\/#website","url":"https:\/\/chasseurs5emeleger.fr\/","name":"Chasseurs du 5\u00e8me R\u00e9giment d&#039;Infanterie L\u00e9g\u00e8re","description":"","publisher":{"@id":"https:\/\/chasseurs5emeleger.fr\/#organization"},"potentialAction":[{"@type":"SearchAction","target":{"@type":"EntryPoint","urlTemplate":"https:\/\/chasseurs5emeleger.fr\/?s={search_term_string}"},"query-input":{"@type":"PropertyValueSpecification","valueRequired":true,"valueName":"search_term_string"}}],"inLanguage":"fr-FR"},{"@type":"Organization","@id":"https:\/\/chasseurs5emeleger.fr\/#organization","name":"Chasseurs du 5\u00e8me R\u00e9giment d'infanterie l\u00e9g\u00e8re","url":"https:\/\/chasseurs5emeleger.fr\/","logo":{"@type":"ImageObject","inLanguage":"fr-FR","@id":"https:\/\/chasseurs5emeleger.fr\/#\/schema\/logo\/image\/","url":"https:\/\/chasseurs5emeleger.fr\/wp-content\/uploads\/2022\/04\/Logo-detoure-scaled.jpg","contentUrl":"https:\/\/chasseurs5emeleger.fr\/wp-content\/uploads\/2022\/04\/Logo-detoure-scaled.jpg","width":2438,"height":2560,"caption":"Chasseurs du 5\u00e8me R\u00e9giment d'infanterie l\u00e9g\u00e8re"},"image":{"@id":"https:\/\/chasseurs5emeleger.fr\/#\/schema\/logo\/image\/"},"sameAs":["https:\/\/www.facebook.com\/chasseurs.5emeleger\/"]}]}},"_links":{"self":[{"href":"https:\/\/chasseurs5emeleger.fr\/index.php\/wp-json\/wp\/v2\/pages\/35","targetHints":{"allow":["GET"]}}],"collection":[{"href":"https:\/\/chasseurs5emeleger.fr\/index.php\/wp-json\/wp\/v2\/pages"}],"about":[{"href":"https:\/\/chasseurs5emeleger.fr\/index.php\/wp-json\/wp\/v2\/types\/page"}],"author":[{"embeddable":true,"href":"https:\/\/chasseurs5emeleger.fr\/index.php\/wp-json\/wp\/v2\/users\/1"}],"replies":[{"embeddable":true,"href":"https:\/\/chasseurs5emeleger.fr\/index.php\/wp-json\/wp\/v2\/comments?post=35"}],"version-history":[{"count":43,"href":"https:\/\/chasseurs5emeleger.fr\/index.php\/wp-json\/wp\/v2\/pages\/35\/revisions"}],"predecessor-version":[{"id":2227,"href":"https:\/\/chasseurs5emeleger.fr\/index.php\/wp-json\/wp\/v2\/pages\/35\/revisions\/2227"}],"wp:attachment":[{"href":"https:\/\/chasseurs5emeleger.fr\/index.php\/wp-json\/wp\/v2\/media?parent=35"}],"curies":[{"name":"wp","href":"https:\/\/api.w.org\/{rel}","templated":true}]}}